{"id":303,"date":"2021-10-21T19:31:04","date_gmt":"2021-10-21T17:31:04","guid":{"rendered":"https:\/\/www.faraobyce.sk\/?page_id=303"},"modified":"2021-10-22T08:20:02","modified_gmt":"2021-10-22T06:20:02","slug":"konsekracia-kostola","status":"publish","type":"page","link":"https:\/\/www.faraobyce.sk\/?page_id=303","title":{"rendered":"Konsekr\u00e1cia kostola"},"content":{"rendered":"\n<p>Autor n\u00e1vrhu pri moderniz\u00e1cii vych\u00e1dzal z&nbsp;my\u0161lienky sv. Ingn\u00e1ca z&nbsp;Loyoly:<strong>&nbsp;,,Nech je ka\u017ed\u00e1 pr\u00e1ca, ktor\u00fa kon\u00e1me, na \u010des\u0165 a&nbsp;sl\u00e1vu Bo\u017eiu\u201c<\/strong>&nbsp;a&nbsp;z\u00e1rove\u0148 kl\u00e1dol d\u00f4raz na jednoduchos\u0165 tvarov a&nbsp;znakov architekt\u00fary a pou\u017eitie tradi\u010dn\u00fdch materi\u00e1lov ako kame\u0148 a drevo. Z\u00e1merom investora bolo napravi\u0165 do\u010dasn\u00fd nevyhovuj\u00faci stav liturgick\u00e9ho zariadenia:&nbsp;<em>obetn\u00fd st\u00f4l \u2013 olt\u00e1r, ambona, krstite\u013enica, stojan pre pa\u0161k\u00e1lnu sviecu&nbsp;<\/em>pod\u013ea smernice II. vatik\u00e1nskeho koncilu.<\/p>\n\n\n\n<p><strong>Nov\u00fd obetn\u00fd st\u00f4l \u2013 olt\u00e1r:<\/strong>&nbsp;umiestnen\u00fd je v presbyt\u00e9riu <strong><em>,<\/em><\/strong>&nbsp;na ktor\u00fd je kladen\u00fd hlavn\u00fd d\u00f4raz v r\u00e1mci cel\u00e9ho interi\u00e9ru i liturgie. Olt\u00e1r je pevn\u00fd, jednoducho stv\u00e1rnen\u00fd tak, aby reprezentoval striedmos\u0165 a \u00fa\u010delnos\u0165 zariadenia. Vrchn\u00e1 stolov\u00e1 doska \u2013 menza a&nbsp;spodn\u00e1 \u010das\u0165 \u2013 stipes s\u00fa z pr\u00edrodn\u00e9ho kame\u0148a. Svetl\u00e1 farba kame\u0148a bola navrhnut\u00e1 tak, aby sa \u010do najviac podobala maslovej farbe p\u00f4vodn\u00e9ho dreven\u00e9ho olt\u00e1ra so sv\u00e4tost\u00e1nkom, na ktor\u00fd chce nov\u00fd obetn\u00fd st\u00f4l \u2013 olt\u00e1r nadviaza\u0165. Ako materi\u00e1l je pou\u017eit\u00fd mramor maslovej farby. Na&nbsp;\u010delnej strane menzy s\u00fa osaden\u00e9 relikvie sv. Sever\u00edna, sv. J\u00e1na Pavla II. a sv. Gaudiusa. \u010cervenohned\u00e1 farba kame\u0148a bola navrhnut\u00e1 tak, aby sa \u010do najviac podobala \u010dervenohnedej farbe pl\u00e1\u0161\u0165a Krista Kr\u00e1\u013ea, ktor\u00fd je na p\u00f4vodnom drevenom olt\u00e1ri. Na stipes (noha obetn\u00e9ho stola &nbsp;\u2013 olt\u00e1ra ) je umiesten\u00e1 t\u0155\u0148ov\u00e1 koruna, s ktorou bol Kristus korunovan\u00fd za kr\u00e1\u013ea \u017didov. T\u00e1to t\u0155\u0148ov\u00e1 koruna je z&nbsp;lipov\u00e9 dreva a&nbsp;je cel\u00e1 pozl\u00e1ten\u00e1. Symbolicky nadv\u00e4zuje na sochu Krista Kr\u00e1\u013ea so zlatou korunou na p\u00f4vodnom drevenom olt\u00e1ri so sv\u00e4tost\u00e1nkom.<\/p>\n\n\n\n<p><strong>Nov\u00e1 ambona:<\/strong>&nbsp;na d\u00f4stojn\u00e9 hl\u00e1sanie Bo\u017eieho slova je umiestnen\u00e1 na severnej strane v priestore presbyt\u00e9ria tak, aby veriaci z&nbsp;hlavnej lode \u010do najlep\u0161ie videli a po\u010duli toho, kto z ambony \u010d\u00edta. Z architektonick\u00e9ho a v\u00fdtvarn\u00e9ho h\u013eadiska re\u0161pektuje proporcie a v\u00fdtvarn\u00e9 rie\u0161enie obetn\u00e9ho stola.<\/p>\n\n\n\n<p><strong>P\u00f4vodn\u00e1 kamenn\u00e1 krstite\u013enica:<\/strong> je\u00a0umiestnen\u00e1 v\u00a0hlavnej lodi kostola pred presbyt\u00e9riom na ju\u017enej strane tak, aby bola v zornom poli \u010do najv\u00e4\u010d\u0161ieho zhroma\u017edenia, preto\u017ee krst je najstar\u0161ia a najv\u00fdznamnej\u0161ia udalos\u0165 v \u017eivote \u010dloveka.<\/p>\n\n\n\n<p>Moderniz\u00e1cie presbyt\u00e9ria a&nbsp;cel\u00e9ho kostola za\u010dala &nbsp;3. novembra 2020 odstr\u00e1nen\u00edm proviz\u00f3rneho dreven\u00e9ho olt\u00e1ra, drevenej ambony a&nbsp;sedesu. V\u0161etky pr\u00e1ce boli ukon\u010den\u00e9 d\u0148a 17. m\u00e1ja 2021.<\/p>\n\n\n\n<p>Sl\u00e1vnostn\u00e1 konsekr\u00e1cia sa uskuto\u010dnila 24.m\u00e1ja 2021 s\u00eddeln\u00fdm nitrianskym biskupom Viliamom Jud\u00e1kom.<\/p>\n\n\n\n<p>Ing. Radovan Ivani\u010dka \u2013 autor n\u00e1vrhu<\/p>\n\n\n\n<hr class=\"wp-block-separator\"\/>\n\n\n\n<figure class=\"wp-block-image size-large is-resized\"><img fetchpriority=\"high\" decoding=\"async\" src=\"https:\/\/www.faraobyce.sk\/wp-content\/uploads\/2021\/10\/7.-Obyce-pamatna-listina-zo-dna-24.5.2021-715x1024.jpg\" alt=\"\" class=\"wp-image-313\" width=\"860\" height=\"1233\" srcset=\"https:\/\/www.faraobyce.sk\/wp-content\/uploads\/2021\/10\/7.-Obyce-pamatna-listina-zo-dna-24.5.2021-715x1024.jpg 715w, https:\/\/www.faraobyce.sk\/wp-content\/uploads\/2021\/10\/7.-Obyce-pamatna-listina-zo-dna-24.5.2021-210x300.jpg 210w, https:\/\/www.faraobyce.sk\/wp-content\/uploads\/2021\/10\/7.-Obyce-pamatna-listina-zo-dna-24.5.2021-768x1100.jpg 768w, https:\/\/www.faraobyce.sk\/wp-content\/uploads\/2021\/10\/7.-Obyce-pamatna-listina-zo-dna-24.5.2021-1430x2048.jpg 1430w\" sizes=\"(max-width: 860px) 100vw, 860px\" \/><figcaption>Pam\u00e4tn\u00e1 listina zo d\u0148a 24.5.2021<\/figcaption><\/figure>\n\n\n\n<hr class=\"wp-block-separator\"\/>\n\n\n\n<figure class=\"wp-block-image size-large\"><img decoding=\"async\" width=\"1024\" height=\"515\" src=\"https:\/\/www.faraobyce.sk\/wp-content\/uploads\/2021\/10\/3.-Relikvie-1024x515.jpg\" alt=\"\" class=\"wp-image-309\" srcset=\"https:\/\/www.faraobyce.sk\/wp-content\/uploads\/2021\/10\/3.-Relikvie-1024x515.jpg 1024w, https:\/\/www.faraobyce.sk\/wp-content\/uploads\/2021\/10\/3.-Relikvie-300x151.jpg 300w, https:\/\/www.faraobyce.sk\/wp-content\/uploads\/2021\/10\/3.-Relikvie-768x386.jpg 768w, https:\/\/www.faraobyce.sk\/wp-content\/uploads\/2021\/10\/3.-Relikvie-1536x772.jpg 1536w, https:\/\/www.faraobyce.sk\/wp-content\/uploads\/2021\/10\/3.-Relikvie-2048x1030.jpg 2048w\" sizes=\"(max-width: 1024px) 100vw, 1024px\" \/><figcaption>Relikvie v menze olt\u00e1ra<\/figcaption><\/figure>\n\n\n\n<hr class=\"wp-block-separator\"\/>\n\n\n\n<figure class=\"wp-block-image size-large\"><img decoding=\"async\" width=\"1024\" height=\"709\" src=\"https:\/\/www.faraobyce.sk\/wp-content\/uploads\/2021\/10\/4.-Relikvia-1024x709.jpg\" alt=\"\" class=\"wp-image-310\" srcset=\"https:\/\/www.faraobyce.sk\/wp-content\/uploads\/2021\/10\/4.-Relikvia-1024x709.jpg 1024w, https:\/\/www.faraobyce.sk\/wp-content\/uploads\/2021\/10\/4.-Relikvia-300x208.jpg 300w, https:\/\/www.faraobyce.sk\/wp-content\/uploads\/2021\/10\/4.-Relikvia-768x532.jpg 768w, https:\/\/www.faraobyce.sk\/wp-content\/uploads\/2021\/10\/4.-Relikvia-1536x1064.jpg 1536w, https:\/\/www.faraobyce.sk\/wp-content\/uploads\/2021\/10\/4.-Relikvia.jpg 1617w\" sizes=\"(max-width: 1024px) 100vw, 1024px\" \/><figcaption>Listina pravosti &#8211; relikvia sv. Sever\u00edna<\/figcaption><\/figure>\n\n\n\n<hr class=\"wp-block-separator\"\/>\n\n\n\n<figure class=\"wp-block-image size-large\"><img loading=\"lazy\" decoding=\"async\" width=\"1024\" height=\"726\" src=\"https:\/\/www.faraobyce.sk\/wp-content\/uploads\/2021\/10\/5.-Relikvia-1024x726.jpg\" alt=\"\" class=\"wp-image-311\" srcset=\"https:\/\/www.faraobyce.sk\/wp-content\/uploads\/2021\/10\/5.-Relikvia-1024x726.jpg 1024w, https:\/\/www.faraobyce.sk\/wp-content\/uploads\/2021\/10\/5.-Relikvia-300x213.jpg 300w, https:\/\/www.faraobyce.sk\/wp-content\/uploads\/2021\/10\/5.-Relikvia-768x544.jpg 768w, https:\/\/www.faraobyce.sk\/wp-content\/uploads\/2021\/10\/5.-Relikvia-1536x1089.jpg 1536w, https:\/\/www.faraobyce.sk\/wp-content\/uploads\/2021\/10\/5.-Relikvia.jpg 1625w\" sizes=\"(max-width: 1024px) 100vw, 1024px\" \/><figcaption>Listina pravosti &#8211; relikvia sv. J\u00e1na Pavla II.<\/figcaption><\/figure>\n\n\n\n<hr class=\"wp-block-separator\"\/>\n\n\n\n<figure class=\"wp-block-image size-large\"><img loading=\"lazy\" decoding=\"async\" width=\"1024\" height=\"735\" src=\"https:\/\/www.faraobyce.sk\/wp-content\/uploads\/2021\/10\/6.-Relikvia-1024x735.jpg\" alt=\"\" class=\"wp-image-312\" srcset=\"https:\/\/www.faraobyce.sk\/wp-content\/uploads\/2021\/10\/6.-Relikvia-1024x735.jpg 1024w, https:\/\/www.faraobyce.sk\/wp-content\/uploads\/2021\/10\/6.-Relikvia-300x215.jpg 300w, https:\/\/www.faraobyce.sk\/wp-content\/uploads\/2021\/10\/6.-Relikvia-768x551.jpg 768w, https:\/\/www.faraobyce.sk\/wp-content\/uploads\/2021\/10\/6.-Relikvia-1536x1102.jpg 1536w, https:\/\/www.faraobyce.sk\/wp-content\/uploads\/2021\/10\/6.-Relikvia.jpg 1605w\" sizes=\"(max-width: 1024px) 100vw, 1024px\" \/><figcaption>Listina pravosti &#8211; relikvia sv. Gaudiusa<\/figcaption><\/figure>\n\n\n\n<hr class=\"wp-block-separator\"\/>\n\n\n\n<figure class=\"wp-block-image size-large\"><img loading=\"lazy\" decoding=\"async\" width=\"1024\" height=\"683\" src=\"https:\/\/www.faraobyce.sk\/wp-content\/uploads\/2021\/10\/1.-Rekonstrukcia-stav-PRED-1024x683.jpg\" alt=\"\" class=\"wp-image-307\" srcset=\"https:\/\/www.faraobyce.sk\/wp-content\/uploads\/2021\/10\/1.-Rekonstrukcia-stav-PRED-1024x683.jpg 1024w, https:\/\/www.faraobyce.sk\/wp-content\/uploads\/2021\/10\/1.-Rekonstrukcia-stav-PRED-300x200.jpg 300w, https:\/\/www.faraobyce.sk\/wp-content\/uploads\/2021\/10\/1.-Rekonstrukcia-stav-PRED-768x512.jpg 768w, https:\/\/www.faraobyce.sk\/wp-content\/uploads\/2021\/10\/1.-Rekonstrukcia-stav-PRED-1536x1024.jpg 1536w, https:\/\/www.faraobyce.sk\/wp-content\/uploads\/2021\/10\/1.-Rekonstrukcia-stav-PRED-930x620.jpg 930w, https:\/\/www.faraobyce.sk\/wp-content\/uploads\/2021\/10\/1.-Rekonstrukcia-stav-PRED.jpg 1800w\" sizes=\"(max-width: 1024px) 100vw, 1024px\" \/><figcaption>Rekon\u0161trukcia stav PRED<\/figcaption><\/figure>\n\n\n\n<hr class=\"wp-block-separator\"\/>\n\n\n\n<figure class=\"wp-block-image size-large\"><img loading=\"lazy\" decoding=\"async\" width=\"1024\" height=\"684\" src=\"https:\/\/www.faraobyce.sk\/wp-content\/uploads\/2021\/10\/3.-Rekonstrukcia-stav-PO-1024x684.jpg\" alt=\"\" class=\"wp-image-308\" srcset=\"https:\/\/www.faraobyce.sk\/wp-content\/uploads\/2021\/10\/3.-Rekonstrukcia-stav-PO-1024x684.jpg 1024w, https:\/\/www.faraobyce.sk\/wp-content\/uploads\/2021\/10\/3.-Rekonstrukcia-stav-PO-300x200.jpg 300w, https:\/\/www.faraobyce.sk\/wp-content\/uploads\/2021\/10\/3.-Rekonstrukcia-stav-PO-768x513.jpg 768w, https:\/\/www.faraobyce.sk\/wp-content\/uploads\/2021\/10\/3.-Rekonstrukcia-stav-PO-1536x1026.jpg 1536w, https:\/\/www.faraobyce.sk\/wp-content\/uploads\/2021\/10\/3.-Rekonstrukcia-stav-PO-2048x1367.jpg 2048w, https:\/\/www.faraobyce.sk\/wp-content\/uploads\/2021\/10\/3.-Rekonstrukcia-stav-PO-930x620.jpg 930w\" sizes=\"(max-width: 1024px) 100vw, 1024px\" \/><figcaption>Rekon\u0161trukcia stav PO<\/figcaption><\/figure>\n\n\n\n<p class=\"has-text-align-center\"> <\/p>\n","protected":false},"excerpt":{"rendered":"<p>Autor n\u00e1vrhu pri moderniz\u00e1cii vych\u00e1dzal z&nbsp;my\u0161lienky sv. Ingn\u00e1ca z&nbsp;Loyoly:&nbsp;,,Nech je ka\u017ed\u00e1 pr\u00e1ca, ktor\u00fa kon\u00e1me, na \u010des\u0165 a&nbsp;sl\u00e1vu Bo\u017eiu\u201c&nbsp;a&nbsp;z\u00e1rove\u0148 kl\u00e1dol d\u00f4raz na jednoduchos\u0165 tvarov a&nbsp;znakov architekt\u00fary a pou\u017eitie tradi\u010dn\u00fdch materi\u00e1lov ako kame\u0148 a drevo. Z\u00e1merom investora bolo napravi\u0165 do\u010dasn\u00fd nevyhovuj\u00faci stav liturgick\u00e9ho zariadenia:&nbsp;obetn\u00fd st\u00f4l \u2013 olt\u00e1r, ambona, krstite\u013enica, stojan pre pa\u0161k\u00e1lnu sviecu&nbsp;pod\u013ea smernice II. vatik\u00e1nskeho koncilu.&hellip;&nbsp;<a href=\"https:\/\/www.faraobyce.sk\/?page_id=303\" class=\"\" rel=\"bookmark\">\u010c\u00edta\u0165 viac &raquo;<span class=\"screen-reader-text\">Konsekr\u00e1cia kostola<\/span><\/a><\/p>\n","protected":false},"author":1,"featured_media":0,"parent":103,"menu_order":405,"comment_status":"closed","ping_status":"closed","template":"","meta":{"_eb_attr":"","_monsterinsights_skip_tracking":false,"_monsterinsights_sitenote_active":false,"_monsterinsights_sitenote_note":"","_monsterinsights_sitenote_category":0,"neve_meta_sidebar":"","neve_meta_container":"","neve_meta_enable_content_width":"","neve_meta_content_width":0,"neve_meta_title_alignment":"","neve_meta_author_avatar":"","neve_post_elements_order":"","neve_meta_disable_header":"","neve_meta_disable_footer":"","neve_meta_disable_title":"","footnotes":""},"class_list":["post-303","page","type-page","status-publish","hentry"],"yoast_head":"<!-- This site is optimized with the Yoast SEO plugin v22.1 - https:\/\/yoast.com\/wordpress\/plugins\/seo\/ -->\n<title>Konsekr\u00e1cia kostola -<\/title>\n<meta name=\"robots\" content=\"index, follow, max-snippet:-1, max-image-preview:large, max-video-preview:-1\" \/>\n<link rel=\"canonical\" href=\"https:\/\/www.faraobyce.sk\/?page_id=303\" \/>\n<meta property=\"og:locale\" content=\"sk_SK\" \/>\n<meta property=\"og:type\" content=\"article\" \/>\n<meta property=\"og:title\" content=\"Konsekr\u00e1cia kostola -\" \/>\n<meta property=\"og:description\" content=\"Autor n\u00e1vrhu pri moderniz\u00e1cii vych\u00e1dzal z&nbsp;my\u0161lienky sv. Ingn\u00e1ca z&nbsp;Loyoly:&nbsp;,,Nech je ka\u017ed\u00e1 pr\u00e1ca, ktor\u00fa kon\u00e1me, na \u010des\u0165 a&nbsp;sl\u00e1vu Bo\u017eiu\u201c&nbsp;a&nbsp;z\u00e1rove\u0148 kl\u00e1dol d\u00f4raz na jednoduchos\u0165 tvarov a&nbsp;znakov architekt\u00fary a pou\u017eitie tradi\u010dn\u00fdch materi\u00e1lov ako kame\u0148 a drevo. Z\u00e1merom investora bolo napravi\u0165 do\u010dasn\u00fd nevyhovuj\u00faci stav liturgick\u00e9ho zariadenia:&nbsp;obetn\u00fd st\u00f4l \u2013 olt\u00e1r, ambona, krstite\u013enica, stojan pre pa\u0161k\u00e1lnu sviecu&nbsp;pod\u013ea smernice II. vatik\u00e1nskeho koncilu.&hellip;&nbsp;\u010c\u00edta\u0165 viac &raquo;Konsekr\u00e1cia kostola\" \/>\n<meta property=\"og:url\" content=\"https:\/\/www.faraobyce.sk\/?page_id=303\" \/>\n<meta property=\"article:modified_time\" content=\"2021-10-22T06:20:02+00:00\" \/>\n<meta property=\"og:image\" content=\"https:\/\/www.faraobyce.sk\/wp-content\/uploads\/2021\/10\/7.-Obyce-pamatna-listina-zo-dna-24.5.2021-715x1024.jpg\" \/>\n<meta name=\"twitter:card\" content=\"summary_large_image\" \/>\n<meta name=\"twitter:label1\" content=\"Predpokladan\u00fd \u010das \u010d\u00edtania\" \/>\n\t<meta name=\"twitter:data1\" content=\"3 min\u00faty\" \/>\n<script type=\"application\/ld+json\" class=\"yoast-schema-graph\">{\"@context\":\"https:\/\/schema.org\",\"@graph\":[{\"@type\":\"WebPage\",\"@id\":\"https:\/\/www.faraobyce.sk\/?page_id=303\",\"url\":\"https:\/\/www.faraobyce.sk\/?page_id=303\",\"name\":\"Konsekr\u00e1cia kostola -\",\"isPartOf\":{\"@id\":\"https:\/\/www.faraobyce.sk\/#website\"},\"datePublished\":\"2021-10-21T17:31:04+00:00\",\"dateModified\":\"2021-10-22T06:20:02+00:00\",\"breadcrumb\":{\"@id\":\"https:\/\/www.faraobyce.sk\/?page_id=303#breadcrumb\"},\"inLanguage\":\"sk-SK\",\"potentialAction\":[{\"@type\":\"ReadAction\",\"target\":[\"https:\/\/www.faraobyce.sk\/?page_id=303\"]}]},{\"@type\":\"BreadcrumbList\",\"@id\":\"https:\/\/www.faraobyce.sk\/?page_id=303#breadcrumb\",\"itemListElement\":[{\"@type\":\"ListItem\",\"position\":1,\"name\":\"Home\",\"item\":\"https:\/\/www.faraobyce.sk\/\"},{\"@type\":\"ListItem\",\"position\":2,\"name\":\"\u017divot vo farnosti\",\"item\":\"https:\/\/www.faraobyce.sk\/?page_id=103\"},{\"@type\":\"ListItem\",\"position\":3,\"name\":\"Konsekr\u00e1cia kostola\"}]},{\"@type\":\"WebSite\",\"@id\":\"https:\/\/www.faraobyce.sk\/#website\",\"url\":\"https:\/\/www.faraobyce.sk\/\",\"name\":\"\",\"description\":\"\",\"potentialAction\":[{\"@type\":\"SearchAction\",\"target\":{\"@type\":\"EntryPoint\",\"urlTemplate\":\"https:\/\/www.faraobyce.sk\/?s={search_term_string}\"},\"query-input\":\"required name=search_term_string\"}],\"inLanguage\":\"sk-SK\"}]}<\/script>\n<!-- \/ Yoast SEO plugin. -->","yoast_head_json":{"title":"Konsekr\u00e1cia kostola -","robots":{"index":"index","follow":"follow","max-snippet":"max-snippet:-1","max-image-preview":"max-image-preview:large","max-video-preview":"max-video-preview:-1"},"canonical":"https:\/\/www.faraobyce.sk\/?page_id=303","og_locale":"sk_SK","og_type":"article","og_title":"Konsekr\u00e1cia kostola -","og_description":"Autor n\u00e1vrhu pri moderniz\u00e1cii vych\u00e1dzal z&nbsp;my\u0161lienky sv. Ingn\u00e1ca z&nbsp;Loyoly:&nbsp;,,Nech je ka\u017ed\u00e1 pr\u00e1ca, ktor\u00fa kon\u00e1me, na \u010des\u0165 a&nbsp;sl\u00e1vu Bo\u017eiu\u201c&nbsp;a&nbsp;z\u00e1rove\u0148 kl\u00e1dol d\u00f4raz na jednoduchos\u0165 tvarov a&nbsp;znakov architekt\u00fary a pou\u017eitie tradi\u010dn\u00fdch materi\u00e1lov ako kame\u0148 a drevo. Z\u00e1merom investora bolo napravi\u0165 do\u010dasn\u00fd nevyhovuj\u00faci stav liturgick\u00e9ho zariadenia:&nbsp;obetn\u00fd st\u00f4l \u2013 olt\u00e1r, ambona, krstite\u013enica, stojan pre pa\u0161k\u00e1lnu sviecu&nbsp;pod\u013ea smernice II. vatik\u00e1nskeho koncilu.&hellip;&nbsp;\u010c\u00edta\u0165 viac &raquo;Konsekr\u00e1cia kostola","og_url":"https:\/\/www.faraobyce.sk\/?page_id=303","article_modified_time":"2021-10-22T06:20:02+00:00","og_image":[{"url":"https:\/\/www.faraobyce.sk\/wp-content\/uploads\/2021\/10\/7.-Obyce-pamatna-listina-zo-dna-24.5.2021-715x1024.jpg"}],"twitter_card":"summary_large_image","twitter_misc":{"Predpokladan\u00fd \u010das \u010d\u00edtania":"3 min\u00faty"},"schema":{"@context":"https:\/\/schema.org","@graph":[{"@type":"WebPage","@id":"https:\/\/www.faraobyce.sk\/?page_id=303","url":"https:\/\/www.faraobyce.sk\/?page_id=303","name":"Konsekr\u00e1cia kostola -","isPartOf":{"@id":"https:\/\/www.faraobyce.sk\/#website"},"datePublished":"2021-10-21T17:31:04+00:00","dateModified":"2021-10-22T06:20:02+00:00","breadcrumb":{"@id":"https:\/\/www.faraobyce.sk\/?page_id=303#breadcrumb"},"inLanguage":"sk-SK","potentialAction":[{"@type":"ReadAction","target":["https:\/\/www.faraobyce.sk\/?page_id=303"]}]},{"@type":"BreadcrumbList","@id":"https:\/\/www.faraobyce.sk\/?page_id=303#breadcrumb","itemListElement":[{"@type":"ListItem","position":1,"name":"Home","item":"https:\/\/www.faraobyce.sk\/"},{"@type":"ListItem","position":2,"name":"\u017divot vo farnosti","item":"https:\/\/www.faraobyce.sk\/?page_id=103"},{"@type":"ListItem","position":3,"name":"Konsekr\u00e1cia kostola"}]},{"@type":"WebSite","@id":"https:\/\/www.faraobyce.sk\/#website","url":"https:\/\/www.faraobyce.sk\/","name":"","description":"","potentialAction":[{"@type":"SearchAction","target":{"@type":"EntryPoint","urlTemplate":"https:\/\/www.faraobyce.sk\/?s={search_term_string}"},"query-input":"required name=search_term_string"}],"inLanguage":"sk-SK"}]}},"_links":{"self":[{"href":"https:\/\/www.faraobyce.sk\/index.php?rest_route=\/wp\/v2\/pages\/303","targetHints":{"allow":["GET"]}}],"collection":[{"href":"https:\/\/www.faraobyce.sk\/index.php?rest_route=\/wp\/v2\/pages"}],"about":[{"href":"https:\/\/www.faraobyce.sk\/index.php?rest_route=\/wp\/v2\/types\/page"}],"author":[{"embeddable":true,"href":"https:\/\/www.faraobyce.sk\/index.php?rest_route=\/wp\/v2\/users\/1"}],"replies":[{"embeddable":true,"href":"https:\/\/www.faraobyce.sk\/index.php?rest_route=%2Fwp%2Fv2%2Fcomments&post=303"}],"version-history":[{"count":6,"href":"https:\/\/www.faraobyce.sk\/index.php?rest_route=\/wp\/v2\/pages\/303\/revisions"}],"predecessor-version":[{"id":334,"href":"https:\/\/www.faraobyce.sk\/index.php?rest_route=\/wp\/v2\/pages\/303\/revisions\/334"}],"up":[{"embeddable":true,"href":"https:\/\/www.faraobyce.sk\/index.php?rest_route=\/wp\/v2\/pages\/103"}],"wp:attachment":[{"href":"https:\/\/www.faraobyce.sk\/index.php?rest_route=%2Fwp%2Fv2%2Fmedia&parent=303"}],"curies":[{"name":"wp","href":"https:\/\/api.w.org\/{rel}","templated":true}]}}