{"id":1942,"date":"2022-06-27T16:33:34","date_gmt":"2022-06-27T14:33:34","guid":{"rendered":"https:\/\/www.faraobyce.sk\/?page_id=1942"},"modified":"2022-06-29T22:23:31","modified_gmt":"2022-06-29T20:23:31","slug":"clenovia-farskej-charity","status":"publish","type":"page","link":"https:\/\/www.faraobyce.sk\/?page_id=1942","title":{"rendered":"O n\u00e1s"},"content":{"rendered":"\t\t<div data-elementor-type=\"wp-page\" data-elementor-id=\"1942\" class=\"elementor elementor-1942\" data-elementor-post-type=\"page\">\n\t\t\t\t\t\t<section class=\"elementor-section elementor-top-section elementor-element elementor-element-da2c012 elementor-section-boxed elementor-section-height-default elementor-section-height-default\" data-id=\"da2c012\" data-element_type=\"section\">\n\t\t\t\t\t\t<div class=\"elementor-container elementor-column-gap-default\">\n\t\t\t\t\t<div class=\"elementor-column elementor-col-100 elementor-top-column elementor-element elementor-element-9c5fb63\" data-id=\"9c5fb63\" data-element_type=\"column\">\n\t\t\t<div class=\"elementor-widget-wrap elementor-element-populated\">\n\t\t\t\t\t\t<div class=\"elementor-element elementor-element-563bc42 elementor-widget elementor-widget-text-editor\" data-id=\"563bc42\" data-element_type=\"widget\" data-widget_type=\"text-editor.default\">\n\t\t\t\t<div class=\"elementor-widget-container\">\n\t\t\t\t\t\t\t\t\t<p>Farsk\u00e1 charita v s\u00fa\u010dasnosti funguje v nasledovnom zlo\u017een\u00ed:<\/p><ul><li><strong>Predsedn\u00ed\u010dka farskej charity:<\/strong>\u00a0Ter\u00e9zia Judinov\u00e1<\/li><li><strong>Tajomn\u00ed\u010dka:<\/strong>\u00a0M\u00e1ria Petrovi\u010dov\u00e1<\/li><li><strong>Pokladn\u00ed\u010dka:<\/strong>\u00a0Helena Kondrlov\u00e1\u00a0<\/li><li><strong>Dobrovo\u013en\u00ed\u010dky:<\/strong>\u00a0Katar\u00edna Fidesov\u00e1, Marta Fidesov\u00e1, Anna Ba\u0165ov\u00e1, Helena Min\u00e1rov\u00e1, M\u00e1ria \u0160abov\u00e1, Ru\u017eena Kuku\u010dov\u00e1, Veronika Ba\u0165ov\u00e1, M\u00e1ria Ondrejmi\u0161kov\u00e1<\/li><li><strong>Projekt farskej charity zastre\u0161uje:<\/strong>\u00a0vdp. Jozef Vlas\u00e1k, dekan<\/li><\/ul>\t\t\t\t\t\t\t\t<\/div>\n\t\t\t\t<\/div>\n\t\t\t\t\t<\/div>\n\t\t<\/div>\n\t\t\t\t\t<\/div>\n\t\t<\/section>\n\t\t\t\t<section class=\"elementor-section elementor-top-section elementor-element elementor-element-bf67e71 elementor-section-boxed elementor-section-height-default elementor-section-height-default\" data-id=\"bf67e71\" data-element_type=\"section\">\n\t\t\t\t\t\t<div class=\"elementor-container elementor-column-gap-default\">\n\t\t\t\t\t<div class=\"elementor-column elementor-col-100 elementor-top-column elementor-element elementor-element-b9aefb0\" data-id=\"b9aefb0\" data-element_type=\"column\">\n\t\t\t<div class=\"elementor-widget-wrap elementor-element-populated\">\n\t\t\t\t\t\t<div class=\"elementor-element elementor-element-aff4e55 elementor-widget-divider--view-line elementor-widget elementor-widget-divider\" data-id=\"aff4e55\" data-element_type=\"widget\" data-widget_type=\"divider.default\">\n\t\t\t\t<div class=\"elementor-widget-container\">\n\t\t\t\t\t\t\t<div class=\"elementor-divider\">\n\t\t\t<span class=\"elementor-divider-separator\">\n\t\t\t\t\t\t<\/span>\n\t\t<\/div>\n\t\t\t\t\t\t<\/div>\n\t\t\t\t<\/div>\n\t\t\t\t\t<\/div>\n\t\t<\/div>\n\t\t\t\t\t<\/div>\n\t\t<\/section>\n\t\t\t\t<section class=\"elementor-section elementor-top-section elementor-element elementor-element-b3fa709 elementor-section-boxed elementor-section-height-default elementor-section-height-default\" data-id=\"b3fa709\" data-element_type=\"section\">\n\t\t\t\t\t\t<div class=\"elementor-container elementor-column-gap-default\">\n\t\t\t\t\t<div class=\"elementor-column elementor-col-100 elementor-top-column elementor-element elementor-element-55fd172\" data-id=\"55fd172\" data-element_type=\"column\">\n\t\t\t<div class=\"elementor-widget-wrap elementor-element-populated\">\n\t\t\t\t\t\t<div class=\"elementor-element elementor-element-8dfc4ed elementor-widget elementor-widget-text-editor\" data-id=\"8dfc4ed\" data-element_type=\"widget\" data-widget_type=\"text-editor.default\">\n\t\t\t\t<div class=\"elementor-widget-container\">\n\t\t\t\t\t\t\t\t\t<p><strong>Kontakt:<\/strong><\/p><p>S\u00eddlo farskej charity je v Obyciach v budove star\u00e9ho obecn\u00e9ho \u00faradu. N\u00e1jdete n\u00e1s tam ka\u017ed\u00fd utorok a \u0161tvrtok v\u017edy v \u010dasoch:<\/p><ul><li>\u00a0 9.00 hod. &#8211; 11.00 hod.<\/li><li>14.00 hod. &#8211; 16.00 hod.<\/li><\/ul><p>Telef\u00f3n: 0904 916 485 (p.\u00a0<span style=\"color: var( --e-global-color-text ); font-family: var( --e-global-typography-text-font-family ), Sans-serif; font-size: var( --e-global-typography-text-font-size ); font-weight: var( --e-global-typography-text-font-weight ); background-color: var(--nv-site-bg); letter-spacing: var(--bodyLetterSpacing); text-transform: var(--bodyTextTransform);\">Judinov\u00e1<\/span><span style=\"color: var( --e-global-color-text ); font-family: var( --e-global-typography-text-font-family ), Sans-serif; font-size: var( --e-global-typography-text-font-size ); font-weight: var( --e-global-typography-text-font-weight ); background-color: var(--nv-site-bg); letter-spacing: var(--bodyLetterSpacing); text-transform: var(--bodyTextTransform);\">)<\/span><\/p>\t\t\t\t\t\t\t\t<\/div>\n\t\t\t\t<\/div>\n\t\t\t\t\t<\/div>\n\t\t<\/div>\n\t\t\t\t\t<\/div>\n\t\t<\/section>\n\t\t\t\t<\/div>\n\t\t","protected":false},"excerpt":{"rendered":"<p>Farsk\u00e1 charita v s\u00fa\u010dasnosti funguje v nasledovnom zlo\u017een\u00ed: Predsedn\u00ed\u010dka farskej charity:\u00a0Ter\u00e9zia Judinov\u00e1 Tajomn\u00ed\u010dka:\u00a0M\u00e1ria Petrovi\u010dov\u00e1 Pokladn\u00ed\u010dka:\u00a0Helena Kondrlov\u00e1\u00a0 Dobrovo\u013en\u00ed\u010dky:\u00a0Katar\u00edna Fidesov\u00e1, Marta Fidesov\u00e1, Anna Ba\u0165ov\u00e1, Helena Min\u00e1rov\u00e1, M\u00e1ria \u0160abov\u00e1, Ru\u017eena Kuku\u010dov\u00e1, Veronika Ba\u0165ov\u00e1, M\u00e1ria Ondrejmi\u0161kov\u00e1 Projekt farskej charity zastre\u0161uje:\u00a0vdp. Jozef Vlas\u00e1k, dekan Kontakt: S\u00eddlo farskej charity je v Obyciach v budove star\u00e9ho obecn\u00e9ho \u00faradu. N\u00e1jdete n\u00e1s tam ka\u017ed\u00fd&hellip;&nbsp;<a href=\"https:\/\/www.faraobyce.sk\/?page_id=1942\" class=\"\" rel=\"bookmark\">\u010c\u00edta\u0165 viac &raquo;<span class=\"screen-reader-text\">O n\u00e1s<\/span><\/a><\/p>\n","protected":false},"author":1,"featured_media":0,"parent":1915,"menu_order":0,"comment_status":"closed","ping_status":"closed","template":"page-templates\/template-pagebuilder-full-width.php","meta":{"_eb_attr":"","_monsterinsights_skip_tracking":false,"_monsterinsights_sitenote_active":false,"_monsterinsights_sitenote_note":"","_monsterinsights_sitenote_category":0,"neve_meta_sidebar":"","neve_meta_container":"","neve_meta_enable_content_width":"","neve_meta_content_width":0,"neve_meta_title_alignment":"","neve_meta_author_avatar":"","neve_post_elements_order":"","neve_meta_disable_header":"","neve_meta_disable_footer":"","neve_meta_disable_title":"","footnotes":""},"class_list":["post-1942","page","type-page","status-publish","hentry"],"yoast_head":"<!-- This site is optimized with the Yoast SEO plugin v22.1 - https:\/\/yoast.com\/wordpress\/plugins\/seo\/ -->\n<title>O n\u00e1s -<\/title>\n<meta name=\"robots\" content=\"index, follow, max-snippet:-1, max-image-preview:large, max-video-preview:-1\" \/>\n<link rel=\"canonical\" href=\"https:\/\/www.faraobyce.sk\/?page_id=1942\" \/>\n<meta property=\"og:locale\" content=\"sk_SK\" \/>\n<meta property=\"og:type\" content=\"article\" \/>\n<meta property=\"og:title\" content=\"O n\u00e1s -\" \/>\n<meta property=\"og:description\" content=\"Farsk\u00e1 charita v s\u00fa\u010dasnosti funguje v nasledovnom zlo\u017een\u00ed: Predsedn\u00ed\u010dka farskej charity:\u00a0Ter\u00e9zia Judinov\u00e1 Tajomn\u00ed\u010dka:\u00a0M\u00e1ria Petrovi\u010dov\u00e1 Pokladn\u00ed\u010dka:\u00a0Helena Kondrlov\u00e1\u00a0 Dobrovo\u013en\u00ed\u010dky:\u00a0Katar\u00edna Fidesov\u00e1, Marta Fidesov\u00e1, Anna Ba\u0165ov\u00e1, Helena Min\u00e1rov\u00e1, M\u00e1ria \u0160abov\u00e1, Ru\u017eena Kuku\u010dov\u00e1, Veronika Ba\u0165ov\u00e1, M\u00e1ria Ondrejmi\u0161kov\u00e1 Projekt farskej charity zastre\u0161uje:\u00a0vdp. Jozef Vlas\u00e1k, dekan Kontakt: S\u00eddlo farskej charity je v Obyciach v budove star\u00e9ho obecn\u00e9ho \u00faradu. N\u00e1jdete n\u00e1s tam ka\u017ed\u00fd&hellip;&nbsp;\u010c\u00edta\u0165 viac &raquo;O n\u00e1s\" \/>\n<meta property=\"og:url\" content=\"https:\/\/www.faraobyce.sk\/?page_id=1942\" \/>\n<meta property=\"article:modified_time\" content=\"2022-06-29T20:23:31+00:00\" \/>\n<meta name=\"twitter:card\" content=\"summary_large_image\" \/>\n<meta name=\"twitter:label1\" content=\"Predpokladan\u00fd \u010das \u010d\u00edtania\" \/>\n\t<meta name=\"twitter:data1\" content=\"1 min\u00fata\" \/>\n<script type=\"application\/ld+json\" class=\"yoast-schema-graph\">{\"@context\":\"https:\/\/schema.org\",\"@graph\":[{\"@type\":\"WebPage\",\"@id\":\"https:\/\/www.faraobyce.sk\/?page_id=1942\",\"url\":\"https:\/\/www.faraobyce.sk\/?page_id=1942\",\"name\":\"O n\u00e1s -\",\"isPartOf\":{\"@id\":\"https:\/\/www.faraobyce.sk\/#website\"},\"datePublished\":\"2022-06-27T14:33:34+00:00\",\"dateModified\":\"2022-06-29T20:23:31+00:00\",\"breadcrumb\":{\"@id\":\"https:\/\/www.faraobyce.sk\/?page_id=1942#breadcrumb\"},\"inLanguage\":\"sk-SK\",\"potentialAction\":[{\"@type\":\"ReadAction\",\"target\":[\"https:\/\/www.faraobyce.sk\/?page_id=1942\"]}]},{\"@type\":\"BreadcrumbList\",\"@id\":\"https:\/\/www.faraobyce.sk\/?page_id=1942#breadcrumb\",\"itemListElement\":[{\"@type\":\"ListItem\",\"position\":1,\"name\":\"Home\",\"item\":\"https:\/\/www.faraobyce.sk\/\"},{\"@type\":\"ListItem\",\"position\":2,\"name\":\"Farsk\u00e1 charita\",\"item\":\"https:\/\/www.faraobyce.sk\/?page_id=1915\"},{\"@type\":\"ListItem\",\"position\":3,\"name\":\"O n\u00e1s\"}]},{\"@type\":\"WebSite\",\"@id\":\"https:\/\/www.faraobyce.sk\/#website\",\"url\":\"https:\/\/www.faraobyce.sk\/\",\"name\":\"\",\"description\":\"\",\"potentialAction\":[{\"@type\":\"SearchAction\",\"target\":{\"@type\":\"EntryPoint\",\"urlTemplate\":\"https:\/\/www.faraobyce.sk\/?s={search_term_string}\"},\"query-input\":\"required name=search_term_string\"}],\"inLanguage\":\"sk-SK\"}]}<\/script>\n<!-- \/ Yoast SEO plugin. -->","yoast_head_json":{"title":"O n\u00e1s -","robots":{"index":"index","follow":"follow","max-snippet":"max-snippet:-1","max-image-preview":"max-image-preview:large","max-video-preview":"max-video-preview:-1"},"canonical":"https:\/\/www.faraobyce.sk\/?page_id=1942","og_locale":"sk_SK","og_type":"article","og_title":"O n\u00e1s -","og_description":"Farsk\u00e1 charita v s\u00fa\u010dasnosti funguje v nasledovnom zlo\u017een\u00ed: Predsedn\u00ed\u010dka farskej charity:\u00a0Ter\u00e9zia Judinov\u00e1 Tajomn\u00ed\u010dka:\u00a0M\u00e1ria Petrovi\u010dov\u00e1 Pokladn\u00ed\u010dka:\u00a0Helena Kondrlov\u00e1\u00a0 Dobrovo\u013en\u00ed\u010dky:\u00a0Katar\u00edna Fidesov\u00e1, Marta Fidesov\u00e1, Anna Ba\u0165ov\u00e1, Helena Min\u00e1rov\u00e1, M\u00e1ria \u0160abov\u00e1, Ru\u017eena Kuku\u010dov\u00e1, Veronika Ba\u0165ov\u00e1, M\u00e1ria Ondrejmi\u0161kov\u00e1 Projekt farskej charity zastre\u0161uje:\u00a0vdp. Jozef Vlas\u00e1k, dekan Kontakt: S\u00eddlo farskej charity je v Obyciach v budove star\u00e9ho obecn\u00e9ho \u00faradu. N\u00e1jdete n\u00e1s tam ka\u017ed\u00fd&hellip;&nbsp;\u010c\u00edta\u0165 viac &raquo;O n\u00e1s","og_url":"https:\/\/www.faraobyce.sk\/?page_id=1942","article_modified_time":"2022-06-29T20:23:31+00:00","twitter_card":"summary_large_image","twitter_misc":{"Predpokladan\u00fd \u010das \u010d\u00edtania":"1 min\u00fata"},"schema":{"@context":"https:\/\/schema.org","@graph":[{"@type":"WebPage","@id":"https:\/\/www.faraobyce.sk\/?page_id=1942","url":"https:\/\/www.faraobyce.sk\/?page_id=1942","name":"O n\u00e1s -","isPartOf":{"@id":"https:\/\/www.faraobyce.sk\/#website"},"datePublished":"2022-06-27T14:33:34+00:00","dateModified":"2022-06-29T20:23:31+00:00","breadcrumb":{"@id":"https:\/\/www.faraobyce.sk\/?page_id=1942#breadcrumb"},"inLanguage":"sk-SK","potentialAction":[{"@type":"ReadAction","target":["https:\/\/www.faraobyce.sk\/?page_id=1942"]}]},{"@type":"BreadcrumbList","@id":"https:\/\/www.faraobyce.sk\/?page_id=1942#breadcrumb","itemListElement":[{"@type":"ListItem","position":1,"name":"Home","item":"https:\/\/www.faraobyce.sk\/"},{"@type":"ListItem","position":2,"name":"Farsk\u00e1 charita","item":"https:\/\/www.faraobyce.sk\/?page_id=1915"},{"@type":"ListItem","position":3,"name":"O n\u00e1s"}]},{"@type":"WebSite","@id":"https:\/\/www.faraobyce.sk\/#website","url":"https:\/\/www.faraobyce.sk\/","name":"","description":"","potentialAction":[{"@type":"SearchAction","target":{"@type":"EntryPoint","urlTemplate":"https:\/\/www.faraobyce.sk\/?s={search_term_string}"},"query-input":"required name=search_term_string"}],"inLanguage":"sk-SK"}]}},"_links":{"self":[{"href":"https:\/\/www.faraobyce.sk\/index.php?rest_route=\/wp\/v2\/pages\/1942","targetHints":{"allow":["GET"]}}],"collection":[{"href":"https:\/\/www.faraobyce.sk\/index.php?rest_route=\/wp\/v2\/pages"}],"about":[{"href":"https:\/\/www.faraobyce.sk\/index.php?rest_route=\/wp\/v2\/types\/page"}],"author":[{"embeddable":true,"href":"https:\/\/www.faraobyce.sk\/index.php?rest_route=\/wp\/v2\/users\/1"}],"replies":[{"embeddable":true,"href":"https:\/\/www.faraobyce.sk\/index.php?rest_route=%2Fwp%2Fv2%2Fcomments&post=1942"}],"version-history":[{"count":6,"href":"https:\/\/www.faraobyce.sk\/index.php?rest_route=\/wp\/v2\/pages\/1942\/revisions"}],"predecessor-version":[{"id":2063,"href":"https:\/\/www.faraobyce.sk\/index.php?rest_route=\/wp\/v2\/pages\/1942\/revisions\/2063"}],"up":[{"embeddable":true,"href":"https:\/\/www.faraobyce.sk\/index.php?rest_route=\/wp\/v2\/pages\/1915"}],"wp:attachment":[{"href":"https:\/\/www.faraobyce.sk\/index.php?rest_route=%2Fwp%2Fv2%2Fmedia&parent=1942"}],"curies":[{"name":"wp","href":"https:\/\/api.w.org\/{rel}","templated":true}]}}